{"id":61039,"date":"2021-10-21T20:06:42","date_gmt":"2021-10-21T18:06:42","guid":{"rendered":"https:\/\/deananddavid.com\/?page_id=61039"},"modified":"2023-08-07T14:09:42","modified_gmt":"2023-08-07T12:09:42","slug":"zuerich-bleicherweg","status":"publish","type":"page","link":"https:\/\/deananddavid.com\/ch-de\/standorte\/zuerich-bleicherweg\/","title":{"rendered":"Z\u00fcrich Bleicherweg"},"content":{"rendered":"<div class=\"wpb-content-wrapper\">[vc_row full_width=&#187;stretch_row&#187; css=&#187;.vc_custom_1634839737209{background-image: url(https:\/\/deananddavid.com\/wp-content\/uploads\/2021\/10\/Header_Standort-dean-and-david-1.jpg?id=61047) !important;background-position: center !important;background-repeat: no-repeat !important;background-size: cover !important;}&#187;][vc_column][vc_column_text]\r\n<p style=\"text-align: center;\"><span style=\"color: #ffffff; text-shadow: 0 0 30px #000; letter-spacing: 0.05em; font-weight: normal; font-style: normal; font-size: 2.5em; line-height: 1.2; margin-bottom: 15px; font-family: TheHandBlack;\">Bleicherweg\r\n<\/span> <span style=\"color: #ffffff; text-transform: uppercase; font-family: DINNextLTPro-Medium; font-size: 2em; font-weight: normal; font-style: normal; line-height: 1.2; text-shadow: 0 0 30px #000;\">Z\u00fcrich<\/span><\/p>\r\n[\/vc_column_text][vc_empty_space height=&#187;75px&#187;][\/vc_column][\/vc_row][vc_row][vc_column offset=&#187;vc_hidden-xs&#187;][vc_icon type=&#187;entypo&#187; icon_entypo=&#187;entypo-icon entypo-icon-down-open&#187; color=&#187;custom&#187; size=&#187;xl&#187; align=&#187;center&#187; custom_color=&#187;#666666&#8243; css=&#187;.vc_custom_1634839748259{margin-top: -100px !important;}&#187;][\/vc_column][\/vc_row][vc_row][vc_column][vc_empty_space height=&#187;15px&#187;][vc_column_text]<span style=\"color: #72a862; font-weight: normal; font-style: normal; letter-spacing: 0.05em; font-size: 1.8em; line-height: 1.4em; font-family: TheHandBlack;\">Willkommen bei dean&amp;david!<\/span>[\/vc_column_text][vc_column_text]Mitten in Z\u00fcrichs Bankenviertel, unweit des geschichtstr\u00e4chtigen Paradeplatzes liegt der dean&amp;david Store am Bleicherweg. Milan &amp; sein Team tragen seit der Er\u00f6ffnung 2014 das \u201efresh to eat\u201c &#8211; Motto im Herzen und freuen sich, dich tagt\u00e4glich mit ihrer Leidenschaft f\u00fcr frische und gesunde Ern\u00e4hrung willkommen zu heissen.[\/vc_column_text][vc_column_text]Wer w\u00e4hrend einem anstrengenden Arbeitstag Lust auf leckere Rezepte bekommt, dem bietet sich bei dean&amp;david ein vielf\u00e4ltiges Sortiment aus knackfrischen Salaten, Bowls, Currys, handgemachten Wraps und Sandwiches sowie frisch gepressten S\u00e4ften und Smoothies. \u00dcber die Salatbar, das Herzst\u00fcck des Restaurants, k\u00f6nnen Kunden ihre eigenen Salatkreationen zusammenstellen \u2013 von exotischen Varianten mit Goji-Beeren, Mango und Garnelen \u00fcber die perfekten Fitmacher mit Ei und Poulet bis hin zu personalisierten Klassikern.[\/vc_column_text][vc_column_text]Ob es ein schnelles Mittagessen in der Mittagspause, take away am Abend oder ein Fr\u00fchst\u00fcck in der Sonne auf dem Boulevard sein soll, bei dean&amp;david dreht sich alles um schnelles, einfaches und von Hand zubereitetes Essen ohne jegliche Kompromisse. Denn bei all der Auswahl haben unsere Produkte eines gemeinsam: sie alle entsprechen unserem Anspruch an kompromisslose Frische. Dabei achten wir ganz besonders auf die Verwendung von regionalen Zutaten.[\/vc_column_text][vc_column_text]Die Salatmischung aus sechs ver\u00adschiedenen knackigen Sorten bezie\u00adhen wir die meiste Zeit des Jahres aus der Ostschweiz und dem Seeland. Das Poulet- und Rindsfleisch kommt ausschliesslich aus Schweizer Tierhaltung und die Kaffeebohnen Arabicas und Sidamos werden von R\u00f6stmeistern der Sima R\u00f6sterei im Kanton Graub\u00fcnden verfeinert.[\/vc_column_text][vc_column_text]Mit dem eigenen Office Delivery-Angebot und dem Lieferdienst \u00fcber eat.ch bietet dean&amp;david auch eine M\u00f6glichkeit online unser feines Angebot zu bestellen.[\/vc_column_text][\/vc_column][\/vc_row][vc_row][vc_column][vc_empty_space height=&#187;50px&#187;][\/vc_column][\/vc_row][vc_row][vc_column width=&#187;1\/3&#8243;][vc_column_text]\r\n<p style=\"text-align: left;\"><span style=\"color: #666a6b; text-transform: uppercase; font-size: 0.8em; font-family: DINNextLTPro-Medium; font-weight: normal; font-style: normal; margin-top: 0; line-height: 1; -webkit-margin-before: 0.83em; -webkit-margin-after: 0.83em; -webkit-margin-start: 0px; -webkit-margin-end: 0px; display: block; letter-spacing: 0.05em;\">\u00d6ffnungszeiten<\/span><\/p>\r\n[\/vc_column_text][vc_column_text]<a href=\"https:\/\/www.google.ch\/search?hl=de&amp;_ga=2.137051312.1097723676.1616400082-2122534594.1605000561&amp;q=dean%26david&amp;ludocid=11631138169055714394&amp;lsig=AB86z5WKgwwmxNr_FajWKJk017KS#loh=true\">\u00d6ffnungszeiten dean&amp;david Z\u00fcrich<\/a>[\/vc_column_text][\/vc_column][vc_column width=&#187;1\/3&#8243;][vc_column_text]\r\n<p style=\"text-align: left;\"><span style=\"color: #666a6b; text-transform: uppercase; font-size: 0.8em; font-family: DINNextLTPro-Medium; font-weight: normal; font-style: normal; margin-top: 0; line-height: 1; -webkit-margin-before: 0.83em; -webkit-margin-after: 0.83em; -webkit-margin-start: 0px; -webkit-margin-end: 0px; display: block; letter-spacing: 0.05em;\">Kontakt<\/span><\/p>\r\n[\/vc_column_text][vc_column_text]Bleicherweg 19 8002 Z\u00fcrich +41 43 2224845 zh.bleicherweg@deananddavid.ch[\/vc_column_text][\/vc_column][vc_column width=&#187;1\/3&#8243;][vc_column_text]\r\n<p style=\"text-align: left;\"><span style=\"color: #666a6b; text-transform: uppercase; font-size: 0.8em; font-family: DINNextLTPro-Medium; font-weight: normal; font-style: normal; margin-top: 0; line-height: 1; -webkit-margin-before: 0.83em; -webkit-margin-after: 0.83em; -webkit-margin-start: 0px; -webkit-margin-end: 0px; display: block; letter-spacing: 0.05em;\">Catering<\/span><\/p>\r\n[\/vc_column_text][vc_btn title=&#187;JETZT ANFRAGEN&#187; style=&#187;custom&#187; custom_background=&#187;#72a862&#8243; custom_text=&#187;#ffffff&#187; size=&#187;xs&#187; link=&#187;url:https%3A%2F%2Fdeananddavid.com%2Fch-de%2Fcatering%2F|title:Catering&#187;][vc_column_text]\r\n<p style=\"text-align: left;\"><span style=\"color: #666a6b; text-transform: uppercase; font-size: 0.8em; font-family: DINNextLTPro-Medium; font-weight: normal; font-style: normal; margin-top: 0; line-height: 1; -webkit-margin-before: 0.83em; -webkit-margin-after: 0.83em; -webkit-margin-start: 0px; -webkit-margin-end: 0px; display: block; letter-spacing: 0.05em;\">Lieferservice<\/span><\/p>\r\n[\/vc_column_text][vc_btn title=&#187;JETZT BESTELLEN&#187; style=&#187;custom&#187; custom_background=&#187;#72a862&#8243; custom_text=&#187;#ffffff&#187; size=&#187;xs&#187; link=&#187;url:https%3A%2F%2Fdeananddavid.com%2Fch-de%2Flieferservice%2F|title:Lieferservice&#187;][\/vc_column][\/vc_row][vc_row][vc_column][vc_column_text]\r\n<p style=\"text-align: left;\"><span style=\"color: #666a6b; text-transform: uppercase; font-size: 0.8em; font-family: DINNextLTPro-Medium; font-weight: normal; font-style: normal; margin-top: 0; line-height: 1; -webkit-margin-before: 0.83em; -webkit-margin-after: 0.83em; -webkit-margin-start: 0px; -webkit-margin-end: 0px; display: block; letter-spacing: 0.05em;\">Unsere Stellenanzeigen<\/span><\/p>\r\n[\/vc_column_text][vc_column_text]<div class=\"job_listings\" data-location=\"Z\u00fcrich Bleicherweg\" data-keywords=\"\" data-show_filters=\"false\" data-show_pagination=\"false\" data-per_page=\"12\" data-orderby=\"featured\" data-order=\"DESC\" data-categories=\"\" data-disable-form-state-storage=\"\" data-featured_first=\"false\" data-post_id=\"61039\" >\t<p class=\"no_job_listings_found\">There are currently no vacancies.<\/p>\n<\/div>[\/vc_column_text][\/vc_column][\/vc_row][vc_row][vc_column][vc_column_text]\r\n\r\n[\/vc_column_text][\/vc_column][\/vc_row]<!-- \/wp:post-content --><\/div>","protected":false},"excerpt":{"rendered":"<p>[vc_row full_width=&#187;stretch_row&#187; css=&#187;.vc_custom_1634839737209{background-image: url(https:\/\/deananddavid.com\/wp-content\/uploads\/2021\/10\/Header_Standort-dean-and-david-1.jpg?id=61047) !important;background-position: center !important;background-repeat: no-repeat !important;background-size: cover !important;}&#187;][vc_column][vc_column_text] Bleicherweg Z\u00fcrich [\/vc_column_text][vc_empty_space height=&#187;75px&#187;][\/vc_column][\/vc_row][vc_row][vc_column offset=&#187;vc_hidden-xs&#187;][vc_icon type=&#187;entypo&#187; icon_entypo=&#187;entypo-icon entypo-icon-down-open&#187; color=&#187;custom&#187; size=&#187;xl&#187; align=&#187;center&#187; custom_color=&#187;#666666&#8243; css=&#187;.vc_custom_1634839748259{margin-top: -100px !important;}&#187;][\/vc_column][\/vc_row][vc_row][vc_column][vc_empty_space height=&#187;15px&#187;][vc_column_text]Willkommen bei dean&amp;david![\/vc_column_text][vc_column_text]Mitten in Z\u00fcrichs Bankenviertel, unweit des geschichtstr\u00e4chtigen Paradeplatzes liegt der dean&amp;david Store am Bleicherweg. Milan &amp; sein Team tragen seit der Er\u00f6ffnung 2014 das \u201efresh to eat\u201c [&hellip;]<\/p>\n","protected":false},"author":24785,"featured_media":0,"parent":59822,"menu_order":0,"comment_status":"closed","ping_status":"closed","template":"page-boxed.php","meta":{"_acf_changed":false,"rs_blank_template":"","rs_page_bg_color":"","slide_template_v7":"","footnotes":""},"class_list":["post-61039","page","type-page","status-publish","hentry"],"acf":[],"yoast_head":"<!-- This site is optimized with the Yoast SEO plugin v27.4 - https:\/\/yoast.com\/product\/yoast-seo-wordpress\/ -->\n<title>Z\u00fcrich Bleicherweg - dean&amp;david<\/title>\n<meta name=\"robots\" content=\"index, follow, max-snippet:-1, max-image-preview:large, max-video-preview:-1\" \/>\n<link rel=\"canonical\" href=\"https:\/\/deananddavid.com\/ch-de\/standorte\/zuerich-bleicherweg\/\" \/>\n<meta property=\"og:locale\" content=\"de_DE\" \/>\n<meta property=\"og:type\" content=\"article\" \/>\n<meta property=\"og:title\" content=\"Z\u00fcrich Bleicherweg - dean&amp;david\" \/>\n<meta property=\"og:description\" content=\"[vc_row full_width=&#187;stretch_row&#187; css=&#187;.vc_custom_1634839737209{background-image: url(https:\/\/deananddavid.com\/wp-content\/uploads\/2021\/10\/Header_Standort-dean-and-david-1.jpg?id=61047) !important;background-position: center !important;background-repeat: no-repeat !important;background-size: cover !important;}&#187;][vc_column][vc_column_text] Bleicherweg Z\u00fcrich [\/vc_column_text][vc_empty_space height=&#187;75px&#187;][\/vc_column][\/vc_row][vc_row][vc_column offset=&#187;vc_hidden-xs&#187;][vc_icon type=&#187;entypo&#187; icon_entypo=&#187;entypo-icon entypo-icon-down-open&#187; color=&#187;custom&#187; size=&#187;xl&#187; align=&#187;center&#187; custom_color=&#187;#666666&#8243; css=&#187;.vc_custom_1634839748259{margin-top: -100px !important;}&#187;][\/vc_column][\/vc_row][vc_row][vc_column][vc_empty_space height=&#187;15px&#187;][vc_column_text]Willkommen bei dean&amp;david![\/vc_column_text][vc_column_text]Mitten in Z\u00fcrichs Bankenviertel, unweit des geschichtstr\u00e4chtigen Paradeplatzes liegt der dean&amp;david Store am Bleicherweg. Milan &amp; sein Team tragen seit der Er\u00f6ffnung 2014 das \u201efresh to eat\u201c [&hellip;]\" \/>\n<meta property=\"og:url\" content=\"https:\/\/deananddavid.com\/ch-de\/standorte\/zuerich-bleicherweg\/\" \/>\n<meta property=\"og:site_name\" content=\"dean&amp;david\" \/>\n<meta property=\"article:publisher\" content=\"https:\/\/www.facebook.com\/deananddavid07\" \/>\n<meta property=\"article:modified_time\" content=\"2023-08-07T12:09:42+00:00\" \/>\n<meta name=\"twitter:card\" content=\"summary_large_image\" \/>\n<meta name=\"twitter:label1\" content=\"Gesch\u00e4tzte Lesezeit\" \/>\n\t<meta name=\"twitter:data1\" content=\"2\u00a0Minuten\" \/>\n<script type=\"application\/ld+json\" class=\"yoast-schema-graph\">{\"@context\":\"https:\\\/\\\/schema.org\",\"@graph\":[{\"@type\":\"WebPage\",\"@id\":\"https:\\\/\\\/deananddavid.com\\\/ch-de\\\/standorte\\\/zuerich-bleicherweg\\\/\",\"url\":\"https:\\\/\\\/deananddavid.com\\\/ch-de\\\/standorte\\\/zuerich-bleicherweg\\\/\",\"name\":\"Z\u00fcrich Bleicherweg - dean&amp;david\",\"isPartOf\":{\"@id\":\"https:\\\/\\\/deananddavid.com\\\/ch-de\\\/#website\"},\"datePublished\":\"2021-10-21T18:06:42+00:00\",\"dateModified\":\"2023-08-07T12:09:42+00:00\",\"breadcrumb\":{\"@id\":\"https:\\\/\\\/deananddavid.com\\\/ch-de\\\/standorte\\\/zuerich-bleicherweg\\\/#breadcrumb\"},\"inLanguage\":\"de-CH\",\"potentialAction\":[{\"@type\":\"ReadAction\",\"target\":[\"https:\\\/\\\/deananddavid.com\\\/ch-de\\\/standorte\\\/zuerich-bleicherweg\\\/\"]}]},{\"@type\":\"BreadcrumbList\",\"@id\":\"https:\\\/\\\/deananddavid.com\\\/ch-de\\\/standorte\\\/zuerich-bleicherweg\\\/#breadcrumb\",\"itemListElement\":[{\"@type\":\"ListItem\",\"position\":1,\"name\":\"Startseite\",\"item\":\"https:\\\/\\\/deananddavid.com\\\/ch-de\\\/\"},{\"@type\":\"ListItem\",\"position\":2,\"name\":\"Standorte\",\"item\":\"https:\\\/\\\/deananddavid.com\\\/ch-de\\\/standorte\\\/\"},{\"@type\":\"ListItem\",\"position\":3,\"name\":\"Z\u00fcrich Bleicherweg\"}]},{\"@type\":\"WebSite\",\"@id\":\"https:\\\/\\\/deananddavid.com\\\/ch-de\\\/#website\",\"url\":\"https:\\\/\\\/deananddavid.com\\\/ch-de\\\/\",\"name\":\"dean&amp;david\",\"description\":\"CHANGE FOR BETTER.\",\"publisher\":{\"@id\":\"https:\\\/\\\/deananddavid.com\\\/ch-de\\\/#organization\"},\"potentialAction\":[{\"@type\":\"SearchAction\",\"target\":{\"@type\":\"EntryPoint\",\"urlTemplate\":\"https:\\\/\\\/deananddavid.com\\\/ch-de\\\/?s={search_term_string}\"},\"query-input\":{\"@type\":\"PropertyValueSpecification\",\"valueRequired\":true,\"valueName\":\"search_term_string\"}}],\"inLanguage\":\"de-CH\"},{\"@type\":\"Organization\",\"@id\":\"https:\\\/\\\/deananddavid.com\\\/ch-de\\\/#organization\",\"name\":\"dean&david\",\"url\":\"https:\\\/\\\/deananddavid.com\\\/ch-de\\\/\",\"logo\":{\"@type\":\"ImageObject\",\"inLanguage\":\"de-CH\",\"@id\":\"https:\\\/\\\/deananddavid.com\\\/ch-de\\\/#\\\/schema\\\/logo\\\/image\\\/\",\"url\":\"https:\\\/\\\/deananddavid.com\\\/wp-content\\\/uploads\\\/2017\\\/04\\\/deananddavid-superfood.png\",\"contentUrl\":\"https:\\\/\\\/deananddavid.com\\\/wp-content\\\/uploads\\\/2017\\\/04\\\/deananddavid-superfood.png\",\"width\":150,\"height\":50,\"caption\":\"dean&david\"},\"image\":{\"@id\":\"https:\\\/\\\/deananddavid.com\\\/ch-de\\\/#\\\/schema\\\/logo\\\/image\\\/\"},\"sameAs\":[\"https:\\\/\\\/www.facebook.com\\\/deananddavid07\",\"https:\\\/\\\/www.instagram.com\\\/dean_and_david\\\/\"]}]}<\/script>\n<!-- \/ Yoast SEO plugin. -->","yoast_head_json":{"title":"Z\u00fcrich Bleicherweg - dean&amp;david","robots":{"index":"index","follow":"follow","max-snippet":"max-snippet:-1","max-image-preview":"max-image-preview:large","max-video-preview":"max-video-preview:-1"},"canonical":"https:\/\/deananddavid.com\/ch-de\/standorte\/zuerich-bleicherweg\/","og_locale":"de_DE","og_type":"article","og_title":"Z\u00fcrich Bleicherweg - dean&amp;david","og_description":"[vc_row full_width=&#187;stretch_row&#187; css=&#187;.vc_custom_1634839737209{background-image: url(https:\/\/deananddavid.com\/wp-content\/uploads\/2021\/10\/Header_Standort-dean-and-david-1.jpg?id=61047) !important;background-position: center !important;background-repeat: no-repeat !important;background-size: cover !important;}&#187;][vc_column][vc_column_text] Bleicherweg Z\u00fcrich [\/vc_column_text][vc_empty_space height=&#187;75px&#187;][\/vc_column][\/vc_row][vc_row][vc_column offset=&#187;vc_hidden-xs&#187;][vc_icon type=&#187;entypo&#187; icon_entypo=&#187;entypo-icon entypo-icon-down-open&#187; color=&#187;custom&#187; size=&#187;xl&#187; align=&#187;center&#187; custom_color=&#187;#666666&#8243; css=&#187;.vc_custom_1634839748259{margin-top: -100px !important;}&#187;][\/vc_column][\/vc_row][vc_row][vc_column][vc_empty_space height=&#187;15px&#187;][vc_column_text]Willkommen bei dean&amp;david![\/vc_column_text][vc_column_text]Mitten in Z\u00fcrichs Bankenviertel, unweit des geschichtstr\u00e4chtigen Paradeplatzes liegt der dean&amp;david Store am Bleicherweg. Milan &amp; sein Team tragen seit der Er\u00f6ffnung 2014 das \u201efresh to eat\u201c [&hellip;]","og_url":"https:\/\/deananddavid.com\/ch-de\/standorte\/zuerich-bleicherweg\/","og_site_name":"dean&amp;david","article_publisher":"https:\/\/www.facebook.com\/deananddavid07","article_modified_time":"2023-08-07T12:09:42+00:00","twitter_card":"summary_large_image","twitter_misc":{"Gesch\u00e4tzte Lesezeit":"2\u00a0Minuten"},"schema":{"@context":"https:\/\/schema.org","@graph":[{"@type":"WebPage","@id":"https:\/\/deananddavid.com\/ch-de\/standorte\/zuerich-bleicherweg\/","url":"https:\/\/deananddavid.com\/ch-de\/standorte\/zuerich-bleicherweg\/","name":"Z\u00fcrich Bleicherweg - dean&amp;david","isPartOf":{"@id":"https:\/\/deananddavid.com\/ch-de\/#website"},"datePublished":"2021-10-21T18:06:42+00:00","dateModified":"2023-08-07T12:09:42+00:00","breadcrumb":{"@id":"https:\/\/deananddavid.com\/ch-de\/standorte\/zuerich-bleicherweg\/#breadcrumb"},"inLanguage":"de-CH","potentialAction":[{"@type":"ReadAction","target":["https:\/\/deananddavid.com\/ch-de\/standorte\/zuerich-bleicherweg\/"]}]},{"@type":"BreadcrumbList","@id":"https:\/\/deananddavid.com\/ch-de\/standorte\/zuerich-bleicherweg\/#breadcrumb","itemListElement":[{"@type":"ListItem","position":1,"name":"Startseite","item":"https:\/\/deananddavid.com\/ch-de\/"},{"@type":"ListItem","position":2,"name":"Standorte","item":"https:\/\/deananddavid.com\/ch-de\/standorte\/"},{"@type":"ListItem","position":3,"name":"Z\u00fcrich Bleicherweg"}]},{"@type":"WebSite","@id":"https:\/\/deananddavid.com\/ch-de\/#website","url":"https:\/\/deananddavid.com\/ch-de\/","name":"dean&amp;david","description":"CHANGE FOR BETTER.","publisher":{"@id":"https:\/\/deananddavid.com\/ch-de\/#organization"},"potentialAction":[{"@type":"SearchAction","target":{"@type":"EntryPoint","urlTemplate":"https:\/\/deananddavid.com\/ch-de\/?s={search_term_string}"},"query-input":{"@type":"PropertyValueSpecification","valueRequired":true,"valueName":"search_term_string"}}],"inLanguage":"de-CH"},{"@type":"Organization","@id":"https:\/\/deananddavid.com\/ch-de\/#organization","name":"dean&david","url":"https:\/\/deananddavid.com\/ch-de\/","logo":{"@type":"ImageObject","inLanguage":"de-CH","@id":"https:\/\/deananddavid.com\/ch-de\/#\/schema\/logo\/image\/","url":"https:\/\/deananddavid.com\/wp-content\/uploads\/2017\/04\/deananddavid-superfood.png","contentUrl":"https:\/\/deananddavid.com\/wp-content\/uploads\/2017\/04\/deananddavid-superfood.png","width":150,"height":50,"caption":"dean&david"},"image":{"@id":"https:\/\/deananddavid.com\/ch-de\/#\/schema\/logo\/image\/"},"sameAs":["https:\/\/www.facebook.com\/deananddavid07","https:\/\/www.instagram.com\/dean_and_david\/"]}]}},"_links":{"self":[{"href":"https:\/\/deananddavid.com\/ch-de\/wp-json\/wp\/v2\/pages\/61039","targetHints":{"allow":["GET"]}}],"collection":[{"href":"https:\/\/deananddavid.com\/ch-de\/wp-json\/wp\/v2\/pages"}],"about":[{"href":"https:\/\/deananddavid.com\/ch-de\/wp-json\/wp\/v2\/types\/page"}],"author":[{"embeddable":true,"href":"https:\/\/deananddavid.com\/ch-de\/wp-json\/wp\/v2\/users\/24785"}],"replies":[{"embeddable":true,"href":"https:\/\/deananddavid.com\/ch-de\/wp-json\/wp\/v2\/comments?post=61039"}],"version-history":[{"count":9,"href":"https:\/\/deananddavid.com\/ch-de\/wp-json\/wp\/v2\/pages\/61039\/revisions"}],"predecessor-version":[{"id":77876,"href":"https:\/\/deananddavid.com\/ch-de\/wp-json\/wp\/v2\/pages\/61039\/revisions\/77876"}],"up":[{"embeddable":true,"href":"https:\/\/deananddavid.com\/ch-de\/wp-json\/wp\/v2\/pages\/59822"}],"wp:attachment":[{"href":"https:\/\/deananddavid.com\/ch-de\/wp-json\/wp\/v2\/media?parent=61039"}],"curies":[{"name":"wp","href":"https:\/\/api.w.org\/{rel}","templated":true}]}}